{"id":1357,"date":"2020-11-17T17:01:34","date_gmt":"2020-11-17T17:01:34","guid":{"rendered":"https:\/\/houseofwines.pt\/en\/?post_type=product&#038;p=1357"},"modified":"2020-11-30T11:34:52","modified_gmt":"2020-11-30T11:34:52","slug":"bulfata-reserva-touriga-nacional","status":"publish","type":"product","link":"https:\/\/houseofwines.pt\/en\/product\/bulfata-reserva-touriga-nacional\/","title":{"rendered":"Bulfata Reserva Touriga Nacional"},"content":{"rendered":"<p>[vc_row full_width=&#8221;stretch_row&#8221; gap=&#8221;35&#8243; content_placement=&#8221;middle&#8221; background_position=&#8221;center&#8221; et_uniqid=&#8221;et_custom_uniqid_5f86c6185daf9&#8243; _et_uniqid=&#8221;et_custom_uniqid_new_5f984331cf1ea&#8221;][vc_column et_uniqid=&#8221;et_custom_uniqid_5f86c59f9d34e&#8221; _et_uniqid=&#8221;et_custom_uniqid_new_5fa283c5a13c1&#8243; css=&#8221;.vc_custom_1604486090103{margin-top: -15px !important;margin-bottom: -25px !important;}&#8221;][vc_column_text el_class=&#8221;textobotaoclerkson2&#8243;]<\/p>\n<p style=\"font-size: 13px; color: #5a0c44;\"><span style=\"color: #5a0c44;\"><a style=\"color: #5a0c44;\" href=\"https:\/\/houseofwines.pt\/en\/wp-content\/uploads\/sites\/2\/2020\/11\/FT_QTA.BULFATA_RESERVA-T.NACIONAL15.pdf\" target=\"_blank\" rel=\"noopener noreferrer\">Download ficha t\u00e9cnica &gt;<\/a><\/span><\/p>\n<p>[\/vc_column_text][\/vc_column][\/vc_row][vc_row][vc_column][vc_column_text]<\/p>\n<h4><span style=\"color: #5a0c44;\">Classifica\u00e7\u00e3o e Regi\u00e3o:<\/span><\/h4>\n<p class=\"p1\">DOP &#8211; Douro Superior<\/p>\n<h4><span style=\"color: #5a0c44;\">Clima e solo:<\/span><\/h4>\n<p class=\"p1\">Solos Xistosos, de transi\u00e7\u00e3o entre granito e Xisto e ainda solos Arenosos<\/p>\n<h4><span style=\"color: #5a0c44;\">Castas:<\/span><\/h4>\n<p class=\"p1\">100% Touriga Nacional<\/p>\n<h4><span style=\"color: #5a0c44;\">Vinifica\u00e7\u00e3o:<\/span><\/h4>\n<p class=\"p1\">As uvas prov\u00eam das parcelas mais adultas e a fermenta\u00e7\u00e3o ocorreu em dep\u00f3sitos de inox, com controlo de temperatura onde, com suaves remontagens, se preservou toda a eleg\u00e2ncia e a complexidade arom\u00e1tica da casta seleccionada para este vinho.<\/p>\n<h4><span style=\"color: #5a0c44;\">Est\u00e1gio:<\/span><\/h4>\n<p class=\"p1\">O vinho estagiou 14 meses em barricas novas de Carvalho Franc\u00eas.<\/p>\n<h4><span style=\"color: #5a0c44;\">Engarrafamento:<\/span><\/h4>\n<p class=\"p1\">1400 garrafas em Outubro de 2017<\/p>\n<h4><span style=\"color: #5a0c44;\">Nota de Prova e gastronomia:<\/span><\/h4>\n<p class=\"p1\">Cor carregada, ruby muito intenso, quase retinto, denso e brilhante. Nariz poderoso e e fresco com uma bem presente frescura com notas c\u00edtricas de bergamota, muito caractr\u00edstiva da casta. Na boca \u00e9 cheio, poderoso, de taninos abundantes mas muito finos e redondos, de sabor intenso, fresco e simultaneamente quase doce. Um grande vinho que merece tempo mas que \u00e9 companheiro ideal das carnes vermelhas e das noites longas de inverno<\/p>\n<h4><span style=\"color: #5a0c44;\">Par\u00e2metros Anal\u00edticos:<\/span><\/h4>\n<p>T\u00edtulo alcoom\u00e9trico. 13,50%<br \/>\nPh. 3.60<br \/>\nAcidez Total:<br \/>\nAcidez Vol\u00e1til:<br \/>\nA\u00e7\u00facar:<br \/>\nSO2 livre:<br \/>\nCont\u00e9m Sulfitos.<\/p>\n<h4><span style=\"color: #5a0c44;\">En\u00f3logo:<\/span><\/h4>\n<p class=\"p1\">Victor Raba\u00e7al<\/p>\n<p>[\/vc_column_text][\/vc_column][\/vc_row]<\/p>\n","protected":false},"excerpt":{"rendered":"<p>[vc_row full_width=&#8221;stretch_row&#8221; gap=&#8221;35&#8243; content_placement=&#8221;middle&#8221; background_position=&#8221;center&#8221; et_uniqid=&#8221;et_custom_uniqid_5f86c6185daf9&#8243; _et_uniqid=&#8221;et_custom_uniqid_new_5f984331cf1ea&#8221;][vc_column et_uniqid=&#8221;et_custom_uniqid_5f86c59f9d34e&#8221; _et_uniqid=&#8221;et_custom_uniqid_new_5fa283c5a13c1&#8243; css=&#8221;.vc_custom_1604486090103{margin-top: -15px !important;margin-bottom: -25px !important;}&#8221;][vc_column_text el_class=&#8221;textobotaoclerkson2&#8243;] Download ficha t\u00e9cnica &gt; [\/vc_column_text][\/vc_column][\/vc_row][vc_row][vc_column][vc_column_text] Classifica\u00e7\u00e3o e Regi\u00e3o: DOP &#8211;&#8230;<\/p>\n","protected":false},"featured_media":1358,"template":"","meta":[],"etheme_brands":[{"term_id":20,"name":"Quinta da Bulfata","slug":"quinta-da-bulfata","term_group":0,"term_taxonomy_id":20,"taxonomy":"brand","description":"","parent":0,"count":4,"filter":"raw"}],"product_cat":[69,72,82],"product_tag":[],"class_list":["post-1357","product","type-product","status-publish","has-post-thumbnail","hentry","brand-quinta-da-bulfata","product_cat-vinhos","product_cat-produtores","product_cat-quinta-da-bulfata"],"_links":{"self":[{"href":"https:\/\/houseofwines.pt\/en\/wp-json\/wp\/v2\/product\/1357","targetHints":{"allow":["GET"]}}],"collection":[{"href":"https:\/\/houseofwines.pt\/en\/wp-json\/wp\/v2\/product"}],"about":[{"href":"https:\/\/houseofwines.pt\/en\/wp-json\/wp\/v2\/types\/product"}],"wp:featuredmedia":[{"embeddable":true,"href":"https:\/\/houseofwines.pt\/en\/wp-json\/wp\/v2\/media\/1358"}],"wp:attachment":[{"href":"https:\/\/houseofwines.pt\/en\/wp-json\/wp\/v2\/media?parent=1357"}],"wp:term":[{"taxonomy":"brand","embeddable":true,"href":"https:\/\/houseofwines.pt\/en\/wp-json\/wp\/v2\/etheme_brands?post=1357"},{"taxonomy":"product_cat","embeddable":true,"href":"https:\/\/houseofwines.pt\/en\/wp-json\/wp\/v2\/product_cat?post=1357"},{"taxonomy":"product_tag","embeddable":true,"href":"https:\/\/houseofwines.pt\/en\/wp-json\/wp\/v2\/product_tag?post=1357"}],"curies":[{"name":"wp","href":"https:\/\/api.w.org\/{rel}","templated":true}]}}